{"id":2385,"date":"2018-03-08T17:30:34","date_gmt":"2018-03-08T16:30:34","guid":{"rendered":"http:\/\/kyrya.es\/kyrya"},"modified":"2024-12-11T17:06:05","modified_gmt":"2024-12-11T16:06:05","slug":"kyrya","status":"publish","type":"page","link":"https:\/\/kyrya.es\/fr\/kyrya\/","title":{"rendered":"Nous sommes Kyrya"},"content":{"rendered":"<h1 class=\"wp-block-post-title\">Nous sommes Kyrya<\/h1>\n<div class=\"wp-block-columns is-layout-flex wp-container-core-columns-is-layout-9d6595d7 wp-block-columns-is-layout-flex\">\n<div class=\"wp-block-column is-layout-flow wp-block-column-is-layout-flow\">\n<p class=\"has-text-align-left\"><strong><br\/><\/strong><em>\u00ab J&rsquo;avais besoin d&rsquo;un meuble, il n&rsquo;\u00e9tait pas l\u00e0, alors je l&rsquo;ai con\u00e7u \u00bb<\/em><br\/><strong><em>Florence Knoll.<\/em><\/strong> <\/p>\n\n\n\n<p>Chez Kyrya, nous appliquons cette maxime pour proposer des solutions compl\u00e8tes, innovantes et exclusives pour faire de votre salle de bain un espace unique. Nous mettons \u00e0 votre disposition la passion du design, de la qualit\u00e9, de la technologie et de la personnalisation illimit\u00e9e.<\/p>\n\n\n\n<p>Nous concevons et fabriquons des meubles de salle de bains sur mesure. Nous ne suivons pas de s\u00e9ries ou de collections ; Nous travaillons exclusivement sur commande. Chaque pi\u00e8ce est cr\u00e9\u00e9e individuellement, alliant la technologie la plus avanc\u00e9e \u00e0 une production artisanale.<\/p>\n\n\n\n<p><\/p>\n\n\n\n<p class=\"has-large-font-size\"><em>L&rsquo;exp\u00e9rience de la libert\u00e9<\/em><\/p>\n<\/div>\n\n\n\n<div class=\"wp-block-column is-layout-flow wp-block-column-is-layout-flow\"><div class=\"wp-block-image\">\n<figure class=\"aligncenter size-large is-resized\"><img loading=\"lazy\" decoding=\"async\" width=\"661\" height=\"900\" src=\"https:\/\/kyrya.es\/wp-content\/uploads\/\/conjunto-curvo-661x900.jpg\" alt=\"\" class=\"wp-image-69119\" style=\"width:319px;height:auto\" srcset=\"https:\/\/kyrya.es\/wp-content\/uploads\/conjunto-curvo-661x900.jpg 661w, https:\/\/kyrya.es\/wp-content\/uploads\/conjunto-curvo-294x400.jpg 294w, https:\/\/kyrya.es\/wp-content\/uploads\/conjunto-curvo-768x1046.jpg 768w, https:\/\/kyrya.es\/wp-content\/uploads\/conjunto-curvo-1128x1536.jpg 1128w, https:\/\/kyrya.es\/wp-content\/uploads\/conjunto-curvo-1503x2048.jpg 1503w, https:\/\/kyrya.es\/wp-content\/uploads\/conjunto-curvo-scaled.jpg 1879w\" sizes=\"auto, (max-width: 661px) 100vw, 661px\" \/><\/figure><\/div><\/div>\n<\/div>\n\n<div class=\"wp-block-group alignfull has-light-background-color has-background\"><div class=\"wp-block-group__inner-container is-layout-constrained wp-block-group-is-layout-constrained\">\n<div class=\"wp-block-columns is-layout-flex wp-container-core-columns-is-layout-9d6595d7 wp-block-columns-is-layout-flex\">\n<div class=\"wp-block-column is-layout-flow wp-block-column-is-layout-flow\">\n<h3 class=\"wp-block-heading\">nous faisons<\/h3>\n\n\n\n<p>Chez Kyrya, nous faisons de la conception et de la fabrication de votre salle de bain sur mesure une exp\u00e9rience unique et personnelle, o\u00f9 vous fixez les limites. Nous fabriquons des produits sur mesure et personnalis\u00e9s, en nous adaptant \u00e0 ce dont vous avez besoin pour cr\u00e9er un espace qui non seulement am\u00e9liore votre vie quotidienne, mais rend \u00e9galement votre maison encore plus sp\u00e9ciale.<\/p>\n\n\n\n<p>Nos solutions intelligentes sont compl\u00e9t\u00e9es gr\u00e2ce \u00e0 notre division de surfaces solides, Durian, dont la personnalit\u00e9 et l&rsquo;\u00e9l\u00e9gance se manifestent dans une large gamme de plans de travail et d&rsquo;\u00e9viers au design innovant.  <\/p>\n\n\n\n<p>Il est sp\u00e9cialement con\u00e7u pour s&rsquo;int\u00e9grer parfaitement aux meubles Kyrya et cr\u00e9\u00e9 avec un mat\u00e9riau injectable de pointe qui garantit la pr\u00e9cision et permet la construction d&rsquo;espaces sans joints visibles. De plus, nous utilisons d&rsquo;autres mat\u00e9riaux innovants tels que le Pivsolid, une combinaison de r\u00e9sines thermostables avec une texture agr\u00e9able et une vari\u00e9t\u00e9 de finitions.<\/p>\n\n\n\n<p>\u00a0<\/p>\n\n\n\n<p>\u00a0<\/p>\n<\/div>\n\n\n\n<div class=\"wp-block-column is-layout-flow wp-block-column-is-layout-flow\">\n<h3 class=\"wp-block-heading\">Fabrication<\/h3>\n\n\n\n<p>Notre processus interne est \u00e0 360\u00ba\u00a0: il couvre la conception du produit et sa fabrication compl\u00e8te jusqu&rsquo;au r\u00e9sultat final. De plus, nous appliquons des contr\u00f4les de qualit\u00e9 rigoureux \u00e0 chaque phase. Cette m\u00e9thodologie nous permet d&rsquo;avoir une large gamme de produits et d&rsquo;offrir un service exceptionnel \u00e0 nos clients.<\/p>\n\n\n\n<p>Nous disposons de deux centres de production r\u00e9partis sur plus de 12 500 m <sup>2<\/sup> . Notre usine de meubles et notre centre de fabrication de Solid Surface.  <br\/><br\/>Avec nos usines, nous renfor\u00e7ons notre sceau d&rsquo;identit\u00e9, en donnant \u00e0 chaque design une personnalit\u00e9 et en nous permettant de contr\u00f4ler pleinement la qualit\u00e9 et les co\u00fbts de sa production.<\/p>\n\n\n\n<p><\/p>\n<\/div>\n<\/div>\n\n\n\n<div class=\"wp-block-columns is-layout-flex wp-container-core-columns-is-layout-9d6595d7 wp-block-columns-is-layout-flex\">\n<div class=\"wp-block-column is-layout-flow wp-block-column-is-layout-flow\"><div class=\"wp-block-image\">\n<figure class=\"aligncenter size-large\"><img loading=\"lazy\" decoding=\"async\" width=\"1280\" height=\"853\" src=\"https:\/\/kyrya.es\/wp-content\/uploads\/\/otz969011-1280x853.jpg\" alt=\"\" class=\"wp-image-69134\" srcset=\"https:\/\/kyrya.es\/wp-content\/uploads\/otz969011-1280x853.jpg 1280w, https:\/\/kyrya.es\/wp-content\/uploads\/otz969011-400x267.jpg 400w, https:\/\/kyrya.es\/wp-content\/uploads\/otz969011-768x512.jpg 768w, https:\/\/kyrya.es\/wp-content\/uploads\/otz969011-1536x1024.jpg 1536w, https:\/\/kyrya.es\/wp-content\/uploads\/otz969011-2048x1365.jpg 2048w\" sizes=\"auto, (max-width: 1280px) 100vw, 1280px\" \/><\/figure><\/div><\/div>\n\n\n\n<div class=\"wp-block-column is-layout-flow wp-block-column-is-layout-flow\"><div class=\"wp-block-image\">\n<figure class=\"aligncenter size-full\"><img loading=\"lazy\" decoding=\"async\" width=\"1024\" height=\"683\" src=\"https:\/\/kyrya.es\/wp-content\/uploads\/kyrya-zaragoza-3-1.jpg\" alt=\"\" class=\"wp-image-69159\" srcset=\"https:\/\/kyrya.es\/wp-content\/uploads\/kyrya-zaragoza-3-1.jpg 1024w, https:\/\/kyrya.es\/wp-content\/uploads\/kyrya-zaragoza-3-1-400x267.jpg 400w, https:\/\/kyrya.es\/wp-content\/uploads\/kyrya-zaragoza-3-1-768x512.jpg 768w\" sizes=\"auto, (max-width: 1024px) 100vw, 1024px\" \/><\/figure><\/div><\/div>\n<\/div>\n<\/div><\/div>\n\n<div class=\"wp-block-cover alignfull is-light\"><span aria-hidden=\"true\" class=\"wp-block-cover__background has-background-dim\" style=\"background-color:#e8e8e8\"><\/span><img loading=\"lazy\" decoding=\"async\" width=\"1920\" height=\"1076\" class=\"wp-block-cover__image-background wp-image-68747\" alt=\"fondo-mision-vision\" title=\"fondo-mision-vision\"  src=\"https:\/\/kyrya.es\/wp-content\/uploads\/fondo-mision-vision.jpg\" data-object-fit=\"cover\" srcset=\"https:\/\/kyrya.es\/wp-content\/uploads\/fondo-mision-vision.jpg 1920w, https:\/\/kyrya.es\/wp-content\/uploads\/fondo-mision-vision-400x224.jpg 400w, https:\/\/kyrya.es\/wp-content\/uploads\/fondo-mision-vision-1280x717.jpg 1280w, https:\/\/kyrya.es\/wp-content\/uploads\/fondo-mision-vision-768x430.jpg 768w, https:\/\/kyrya.es\/wp-content\/uploads\/fondo-mision-vision-1536x861.jpg 1536w\" sizes=\"auto, (max-width: 1920px) 100vw, 1920px\" \/><div class=\"wp-block-cover__inner-container is-layout-constrained wp-block-cover-is-layout-constrained\">\n<div class=\"wp-block-columns is-layout-flex wp-container-core-columns-is-layout-9d6595d7 wp-block-columns-is-layout-flex\">\n<div class=\"wp-block-column is-layout-flow wp-block-column-is-layout-flow\">\n<h3 class=\"wp-block-heading\">Valeurs<\/h3>\n\n\n\n<p>Chez Kyrya, nos valeurs refl\u00e8tent notre essence : flexibilit\u00e9, innovation et qualit\u00e9. Ces piliers nous guident pour cr\u00e9er des meubles uniques, adapt\u00e9s \u00e0 vos besoins, o\u00f9 nous combinons technologie et savoir-faire pour obtenir des r\u00e9sultats exceptionnels dans chaque projet.<\/p>\n<\/div>\n<\/div>\n\n\n\n<div class=\"wp-block-columns is-layout-flex wp-container-core-columns-is-layout-9d6595d7 wp-block-columns-is-layout-flex\">\n<div class=\"wp-block-column is-vertically-aligned-stretch is-layout-flow wp-block-column-is-layout-flow\">\n<div class=\"wp-block-group has-white-background-color has-background wp-container-content-29dca9c1 is-vertical is-content-justification-center is-layout-flex wp-container-core-group-is-layout-4b2eccd6 wp-block-group-is-layout-flex\">\n<p><strong>Flexibilit\u00e9<\/strong><\/p>\n\n\n\n<p class=\"has-text-align-center has-small-font-size\"><em><strong>Aucune s\u00e9rie ni collection.  <\/strong><\/em><\/p>\n\n\n\n<p class=\"has-text-align-center has-small-font-size\">A travers plus d&rsquo;un million de possibilit\u00e9s nous vous ouvrons la voie et vous conseillons pour r\u00e9aliser un espace personnalis\u00e9 unique. Il n\u2019y a rien de plus exclusif qu\u2019un design vraiment personnel.<\/p>\n<\/div>\n<\/div>\n\n\n\n<div class=\"wp-block-column is-vertically-aligned-stretch is-layout-flow wp-block-column-is-layout-flow\">\n<div class=\"wp-block-group has-white-background-color has-background wp-container-content-29dca9c1 is-vertical is-content-justification-center is-layout-flex wp-container-core-group-is-layout-4b2eccd6 wp-block-group-is-layout-flex\">\n<p><strong>Innovation<\/strong><\/p>\n\n\n\n<p class=\"has-text-align-center has-small-font-size\">Nous vous proposons des solutions avant-gardistes pour votre espace salle de bain, toujours en phase avec les tendances les plus actuelles.<\/p>\n\n\n\n<p class=\"has-text-align-center has-small-font-size\">Tous nos processus de production sont \u00e0 la demande et ont \u00e9t\u00e9 optimis\u00e9s et digitalis\u00e9s gr\u00e2ce aux nouvelles technologies.  <\/p>\n<\/div>\n<\/div>\n\n\n\n<div class=\"wp-block-column is-vertically-aligned-stretch is-layout-flow wp-block-column-is-layout-flow\">\n<div class=\"wp-block-group has-white-background-color has-background wp-container-content-29dca9c1 is-vertical is-content-justification-center is-layout-flex wp-container-core-group-is-layout-4b2eccd6 wp-block-group-is-layout-flex\">\n<p><strong>Qualit\u00e9<\/strong><\/p>\n\n\n\n<p class=\"has-text-align-center has-small-font-size\">Nous avons des contr\u00f4les de qualit\u00e9 dans tous les processus pour garantir l\u2019excellence.  <\/p>\n\n\n\n<p class=\"has-text-align-center has-small-font-size\">Nous travaillons avec des mati\u00e8res premi\u00e8res, du mat\u00e9riel et des finitions de la plus haute qualit\u00e9. La qualit\u00e9 n&rsquo;est pas le fruit du hasard, mais le r\u00e9sultat de l&rsquo;observation, du travail et du souci du d\u00e9tail.<\/p>\n<\/div>\n<\/div>\n<\/div>\n<\/div><\/div>\n\n<div class=\"wp-block-columns is-layout-flex wp-container-core-columns-is-layout-9d6595d7 wp-block-columns-is-layout-flex\">\n<div class=\"wp-block-column is-layout-flow wp-block-column-is-layout-flow\">\n<div class=\"wp-block-group has-white-background-color has-background wp-container-content-29dca9c1 is-vertical is-content-justification-center is-layout-flex wp-container-core-group-is-layout-4b2eccd6 wp-block-group-is-layout-flex\">\n<figure class=\"wp-block-image size-large is-resized\"><img decoding=\"async\" src=\"https:\/\/kyrya.es\/wp-content\/uploads\/iconos-creatividad.svg\" alt=\"\" class=\"wp-image-69016\" style=\"width:83px;height:auto\"\/><\/figure>\n\n\n<p><strong>Cr\u00e9ativit\u00e9<\/strong><\/p>\n\n\n\n<p class=\"has-text-align-center has-small-font-size\"><strong>Nous sommes anticonformistes<\/strong> et nous travaillons avec la motivation de continuer \u00e0 d\u00e9velopper notre capacit\u00e9 \u00e0 g\u00e9n\u00e9rer de nouveaux concepts et \u00e0 construire des associations avec de nouvelles id\u00e9es qui donnent naissance \u00e0 <strong>des solutions innovantes et attrayantes<\/strong> .<\/p>\n<\/div>\n<\/div>\n\n\n\n<div class=\"wp-block-column is-layout-flow wp-block-column-is-layout-flow\">\n<div class=\"wp-block-group has-white-background-color has-background wp-container-content-29dca9c1 is-vertical is-content-justification-center is-layout-flex wp-container-core-group-is-layout-4b2eccd6 wp-block-group-is-layout-flex\">\n<figure class=\"wp-block-image size-large is-resized\"><img decoding=\"async\" src=\"https:\/\/kyrya.es\/wp-content\/uploads\/iconos-calidad.svg\" alt=\"\" class=\"wp-image-69031\" style=\"width:84px;height:auto\"\/><\/figure>\n\n\n<p><strong>Services<\/strong><\/p>\n\n\n\n<p class=\"has-text-align-center has-small-font-size\">Nous aimons anticiper les besoins de nos clients, en offrant un service 24h\/24 et 7j\/7 \u00e0 travers notre espace pro, o\u00f9 vous pourrez acc\u00e9der \u00e0 la documentation technique, au suivi de vos commandes, aux catalogues en cours, \u00e0 l&rsquo;inspiration et \u00e0 d&rsquo;autres ressources.<\/p>\n<\/div>\n<\/div>\n\n\n\n<div class=\"wp-block-column is-layout-flow wp-block-column-is-layout-flow\">\n<div class=\"wp-block-group has-white-background-color has-background wp-container-content-29dca9c1 is-vertical is-content-justification-center is-layout-flex wp-container-core-group-is-layout-4b2eccd6 wp-block-group-is-layout-flex\">\n<figure class=\"wp-block-image size-large is-resized\"><img decoding=\"async\" src=\"https:\/\/kyrya.es\/wp-content\/uploads\/iconos-adaptabilidad.svg\" alt=\"\" class=\"wp-image-69026\" style=\"width:98px;height:auto\"\/><\/figure>\n\n\n<p><strong>Adaptabilit\u00e9<\/strong><\/p>\n\n\n\n<p class=\"has-text-align-center has-small-font-size\">Parfois, les espaces les plus demand\u00e9s sont ceux qui cherchent \u00e0 optimiser la capacit\u00e9 de rangement de la salle de bain. <strong>C&rsquo;est pourquoi nous travaillons dans le but de d\u00e9velopper de nouveaux concepts de design dans lesquels l&rsquo;espace et la distribution sont la valeur diff\u00e9rentielle<\/strong> .<\/p>\n<\/div>\n<\/div>\n\n\n\n<div class=\"wp-block-column is-layout-flow wp-block-column-is-layout-flow\">\n<div class=\"wp-block-group has-white-background-color has-background wp-container-content-29dca9c1 is-vertical is-content-justification-center is-layout-flex wp-container-core-group-is-layout-4b2eccd6 wp-block-group-is-layout-flex\">\n<figure class=\"wp-block-image size-large is-resized\"><img decoding=\"async\" src=\"https:\/\/kyrya.es\/wp-content\/uploads\/iconos-entusiasmo.svg\" alt=\"\" class=\"wp-image-69021\" style=\"width:102px;height:auto\"\/><\/figure>\n\n\n<p><strong>Enthousiasme<\/strong><\/p>\n\n\n\n<p class=\"has-text-align-center has-small-font-size\">Nous sommes \u00e9mus par la possibilit\u00e9 de r\u00e9aliser tout ce que nous imaginons. <strong>Nous cr\u00e9ons un sentiment de libert\u00e9 et travaillons \u00e0 la recherche de r\u00e9sultats sublimes<\/strong> .<\/p>\n<\/div>\n<\/div>\n<\/div>\n\n<div class=\"wp-block-cover alignfull is-light\" style=\"min-height:438px;aspect-ratio:unset;\"><span aria-hidden=\"true\" class=\"wp-block-cover__background has-background-dim\" style=\"background-color:#c0c0ba\"><\/span><img loading=\"lazy\" decoding=\"async\" width=\"1920\" height=\"469\" class=\"wp-block-cover__image-background wp-image-68754\" alt=\"eco-logical\" title=\"eco-logical\"  src=\"https:\/\/kyrya.es\/wp-content\/uploads\/eco-logical.jpg\" data-object-fit=\"cover\" srcset=\"https:\/\/kyrya.es\/wp-content\/uploads\/eco-logical.jpg 1920w, https:\/\/kyrya.es\/wp-content\/uploads\/eco-logical-400x98.jpg 400w, https:\/\/kyrya.es\/wp-content\/uploads\/eco-logical-1280x313.jpg 1280w, https:\/\/kyrya.es\/wp-content\/uploads\/eco-logical-768x188.jpg 768w, https:\/\/kyrya.es\/wp-content\/uploads\/eco-logical-1536x375.jpg 1536w\" sizes=\"auto, (max-width: 1920px) 100vw, 1920px\" \/><div class=\"wp-block-cover__inner-container is-layout-constrained wp-block-cover-is-layout-constrained\">\n<p class=\"has-large-font-size\"><em>Nous croyons en la durabilit\u00e9<\/em><\/p>\n\n\n\n<p>Chez Kyrya, notre engagement en faveur du d\u00e9veloppement durable est tangible et s&rsquo;applique \u00e0 tous les domaines de notre entreprise.<br\/> Nos planches sont compos\u00e9es d&rsquo;un pourcentage \u00e9lev\u00e9 de bois recycl\u00e9. De cette fa\u00e7on, nous donnons une seconde vie au produit et r\u00e9duisons \u00e0 la fois les \u00e9missions de Co2 et la d\u00e9forestation. Nos usines de production disposent d\u2019installations et de machines \u00e0 faible consommation d\u2019\u00e9nergie.<\/p>\n\n\n\n<p>Depuis le d\u00e9partement de recherche et d\u00e9veloppement, nous \u00e9tudions de nouvelles mati\u00e8res premi\u00e8res et solutions pour am\u00e9liorer et prolonger la dur\u00e9e de vie des produits. Nous d\u00e9veloppons une gestion globale du recyclage des mat\u00e9riaux utilis\u00e9s et nous assumons la mission d&rsquo;\u00e9liminer 100 % des plastiques et autres mat\u00e9riaux non recyclables dans nos emballages.  <\/p>\n\n\n\n<p>Nous \u00e9tablissons des objectifs pour la mise en \u0153uvre et la sensibilisation \u00e0 la politique environnementale, qui implique activement le personnel \u00e0 chaque niveau de l&rsquo;organisation.<\/p>\n<\/div><\/div>\n","protected":false},"excerpt":{"rendered":"<p>\u00ab J&rsquo;avais besoin d&rsquo;un meuble, il n&rsquo;\u00e9tait pas l\u00e0, alors je l&rsquo;ai con\u00e7u \u00bbFlorence Knoll. Chez Kyrya, nous appliquons cette maxime pour proposer des solutions compl\u00e8tes, innovantes et exclusives pour [&#8230;]<\/p>\n","protected":false},"author":1913,"featured_media":2777,"parent":0,"menu_order":56,"comment_status":"closed","ping_status":"closed","template":"page-templates\/no-title.php","meta":{"_acf_changed":false,"inline_featured_image":false,"footnotes":""},"class_list":["post-2385","page","type-page","status-publish","has-post-thumbnail","hentry"],"acf":[],"yoast_head":"<!-- This site is optimized with the Yoast SEO plugin v27.5 - https:\/\/yoast.com\/product\/yoast-seo-wordpress\/ -->\n<title>\u00c0 propos de nous - KYRYA<\/title>\n<meta name=\"description\" content=\"KYRYA GROUP est un groupe d&#039;entreprises qui regroupe trois soci\u00e9t\u00e9s et six marques dans le secteur complet de l&#039;\u00e9quipement de salle de bain. Le design est notre attitude. Et notre travail est le meilleur moyen de le d\u00e9montrer, en faisant une marque qui reste grav\u00e9e dans chacun de nos projets.\" \/>\n<meta name=\"robots\" content=\"index, follow, max-snippet:-1, max-image-preview:large, max-video-preview:-1\" \/>\n<link rel=\"canonical\" href=\"https:\/\/kyrya.es\/fr\/kyrya\/\" \/>\n<meta property=\"og:locale\" content=\"fr_FR\" \/>\n<meta property=\"og:type\" content=\"article\" \/>\n<meta property=\"og:title\" content=\"\u00c0 propos de nous - KYRYA\" \/>\n<meta property=\"og:description\" content=\"KYRYA GROUP est un groupe d&#039;entreprises qui regroupe trois soci\u00e9t\u00e9s et six marques dans le secteur complet de l&#039;\u00e9quipement de salle de bain. Le design est notre attitude. Et notre travail est le meilleur moyen de le d\u00e9montrer, en faisant une marque qui reste grav\u00e9e dans chacun de nos projets.\" \/>\n<meta property=\"og:url\" content=\"https:\/\/kyrya.es\/fr\/kyrya\/\" \/>\n<meta property=\"og:site_name\" content=\"Kyrya\" \/>\n<meta property=\"article:publisher\" content=\"https:\/\/www.facebook.com\/kyrya.es\" \/>\n<meta property=\"article:modified_time\" content=\"2024-12-11T16:06:05+00:00\" \/>\n<meta property=\"og:image\" content=\"https:\/\/kyrya.es\/wp-content\/uploads\/kyrya-zaragoza-5.jpg\" \/>\n\t<meta property=\"og:image:width\" content=\"1024\" \/>\n\t<meta property=\"og:image:height\" content=\"683\" \/>\n\t<meta property=\"og:image:type\" content=\"image\/jpeg\" \/>\n<meta name=\"twitter:card\" content=\"summary_large_image\" \/>\n<meta name=\"twitter:label1\" content=\"Dur\u00e9e de lecture estim\u00e9e\" \/>\n\t<meta name=\"twitter:data1\" content=\"4 minutes\" \/>\n<script type=\"application\/ld+json\" class=\"yoast-schema-graph\">{\"@context\":\"https:\\\/\\\/schema.org\",\"@graph\":[{\"@type\":\"WebPage\",\"@id\":\"https:\\\/\\\/kyrya.es\\\/fr\\\/kyrya\\\/\",\"url\":\"https:\\\/\\\/kyrya.es\\\/fr\\\/kyrya\\\/\",\"name\":\"\u00c0 propos de nous - KYRYA\",\"isPartOf\":{\"@id\":\"https:\\\/\\\/kyrya.es\\\/#website\"},\"primaryImageOfPage\":{\"@id\":\"https:\\\/\\\/kyrya.es\\\/fr\\\/kyrya\\\/#primaryimage\"},\"image\":{\"@id\":\"https:\\\/\\\/kyrya.es\\\/fr\\\/kyrya\\\/#primaryimage\"},\"thumbnailUrl\":\"https:\\\/\\\/kyrya.es\\\/wp-content\\\/uploads\\\/kyrya-zaragoza-5.jpg\",\"datePublished\":\"2018-03-08T16:30:34+00:00\",\"dateModified\":\"2024-12-11T16:06:05+00:00\",\"description\":\"KYRYA GROUP est un groupe d'entreprises qui regroupe trois soci\u00e9t\u00e9s et six marques dans le secteur complet de l'\u00e9quipement de salle de bain. Le design est notre attitude. Et notre travail est le meilleur moyen de le d\u00e9montrer, en faisant une marque qui reste grav\u00e9e dans chacun de nos projets.\",\"breadcrumb\":{\"@id\":\"https:\\\/\\\/kyrya.es\\\/fr\\\/kyrya\\\/#breadcrumb\"},\"inLanguage\":\"fr-FR\",\"potentialAction\":[{\"@type\":\"ReadAction\",\"target\":[\"https:\\\/\\\/kyrya.es\\\/fr\\\/kyrya\\\/\"]}]},{\"@type\":\"ImageObject\",\"inLanguage\":\"fr-FR\",\"@id\":\"https:\\\/\\\/kyrya.es\\\/fr\\\/kyrya\\\/#primaryimage\",\"url\":\"https:\\\/\\\/kyrya.es\\\/wp-content\\\/uploads\\\/kyrya-zaragoza-5.jpg\",\"contentUrl\":\"https:\\\/\\\/kyrya.es\\\/wp-content\\\/uploads\\\/kyrya-zaragoza-5.jpg\",\"width\":1024,\"height\":683},{\"@type\":\"BreadcrumbList\",\"@id\":\"https:\\\/\\\/kyrya.es\\\/fr\\\/kyrya\\\/#breadcrumb\",\"itemListElement\":[{\"@type\":\"ListItem\",\"position\":1,\"name\":\"Kyrya\",\"item\":\"https:\\\/\\\/kyrya.es\\\/fr\\\/\"},{\"@type\":\"ListItem\",\"position\":2,\"name\":\"Nous sommes Kyrya\"}]},{\"@type\":\"WebSite\",\"@id\":\"https:\\\/\\\/kyrya.es\\\/#website\",\"url\":\"https:\\\/\\\/kyrya.es\\\/\",\"name\":\"Kyrya\",\"description\":\"Mobiliario de ba\u00f1o a medida\",\"publisher\":{\"@id\":\"https:\\\/\\\/kyrya.es\\\/#organization\"},\"potentialAction\":[{\"@type\":\"SearchAction\",\"target\":{\"@type\":\"EntryPoint\",\"urlTemplate\":\"https:\\\/\\\/kyrya.es\\\/?s={search_term_string}\"},\"query-input\":{\"@type\":\"PropertyValueSpecification\",\"valueRequired\":true,\"valueName\":\"search_term_string\"}}],\"inLanguage\":\"fr-FR\"},{\"@type\":\"Organization\",\"@id\":\"https:\\\/\\\/kyrya.es\\\/#organization\",\"name\":\"Kyrya\",\"url\":\"https:\\\/\\\/kyrya.es\\\/\",\"logo\":{\"@type\":\"ImageObject\",\"inLanguage\":\"fr-FR\",\"@id\":\"https:\\\/\\\/kyrya.es\\\/#\\\/schema\\\/logo\\\/image\\\/\",\"url\":\"https:\\\/\\\/kyrya.es\\\/wp-content\\\/uploads\\\/logo-kyrya.svg\",\"contentUrl\":\"https:\\\/\\\/kyrya.es\\\/wp-content\\\/uploads\\\/logo-kyrya.svg\",\"width\":\"1280\",\"height\":\"900\",\"caption\":\"Kyrya\"},\"image\":{\"@id\":\"https:\\\/\\\/kyrya.es\\\/#\\\/schema\\\/logo\\\/image\\\/\"},\"sameAs\":[\"https:\\\/\\\/www.facebook.com\\\/kyrya.es\",\"https:\\\/\\\/www.instagram.com\\\/kyrya.es\\\/\",\"https:\\\/\\\/www.linkedin.com\\\/company\\\/kyrya\\\/\",\"https:\\\/\\\/es.pinterest.com\\\/kyrya_es\\\/\"]}]}<\/script>\n<!-- \/ Yoast SEO plugin. -->","yoast_head_json":{"title":"\u00c0 propos de nous - KYRYA","description":"KYRYA GROUP est un groupe d'entreprises qui regroupe trois soci\u00e9t\u00e9s et six marques dans le secteur complet de l'\u00e9quipement de salle de bain. Le design est notre attitude. Et notre travail est le meilleur moyen de le d\u00e9montrer, en faisant une marque qui reste grav\u00e9e dans chacun de nos projets.","robots":{"index":"index","follow":"follow","max-snippet":"max-snippet:-1","max-image-preview":"max-image-preview:large","max-video-preview":"max-video-preview:-1"},"canonical":"https:\/\/kyrya.es\/fr\/kyrya\/","og_locale":"fr_FR","og_type":"article","og_title":"\u00c0 propos de nous - KYRYA","og_description":"KYRYA GROUP est un groupe d'entreprises qui regroupe trois soci\u00e9t\u00e9s et six marques dans le secteur complet de l'\u00e9quipement de salle de bain. Le design est notre attitude. Et notre travail est le meilleur moyen de le d\u00e9montrer, en faisant une marque qui reste grav\u00e9e dans chacun de nos projets.","og_url":"https:\/\/kyrya.es\/fr\/kyrya\/","og_site_name":"Kyrya","article_publisher":"https:\/\/www.facebook.com\/kyrya.es","article_modified_time":"2024-12-11T16:06:05+00:00","og_image":[{"width":1024,"height":683,"url":"https:\/\/kyrya.es\/wp-content\/uploads\/kyrya-zaragoza-5.jpg","type":"image\/jpeg"}],"twitter_card":"summary_large_image","twitter_misc":{"Dur\u00e9e de lecture estim\u00e9e":"4 minutes"},"schema":{"@context":"https:\/\/schema.org","@graph":[{"@type":"WebPage","@id":"https:\/\/kyrya.es\/fr\/kyrya\/","url":"https:\/\/kyrya.es\/fr\/kyrya\/","name":"\u00c0 propos de nous - KYRYA","isPartOf":{"@id":"https:\/\/kyrya.es\/#website"},"primaryImageOfPage":{"@id":"https:\/\/kyrya.es\/fr\/kyrya\/#primaryimage"},"image":{"@id":"https:\/\/kyrya.es\/fr\/kyrya\/#primaryimage"},"thumbnailUrl":"https:\/\/kyrya.es\/wp-content\/uploads\/kyrya-zaragoza-5.jpg","datePublished":"2018-03-08T16:30:34+00:00","dateModified":"2024-12-11T16:06:05+00:00","description":"KYRYA GROUP est un groupe d'entreprises qui regroupe trois soci\u00e9t\u00e9s et six marques dans le secteur complet de l'\u00e9quipement de salle de bain. Le design est notre attitude. Et notre travail est le meilleur moyen de le d\u00e9montrer, en faisant une marque qui reste grav\u00e9e dans chacun de nos projets.","breadcrumb":{"@id":"https:\/\/kyrya.es\/fr\/kyrya\/#breadcrumb"},"inLanguage":"fr-FR","potentialAction":[{"@type":"ReadAction","target":["https:\/\/kyrya.es\/fr\/kyrya\/"]}]},{"@type":"ImageObject","inLanguage":"fr-FR","@id":"https:\/\/kyrya.es\/fr\/kyrya\/#primaryimage","url":"https:\/\/kyrya.es\/wp-content\/uploads\/kyrya-zaragoza-5.jpg","contentUrl":"https:\/\/kyrya.es\/wp-content\/uploads\/kyrya-zaragoza-5.jpg","width":1024,"height":683},{"@type":"BreadcrumbList","@id":"https:\/\/kyrya.es\/fr\/kyrya\/#breadcrumb","itemListElement":[{"@type":"ListItem","position":1,"name":"Kyrya","item":"https:\/\/kyrya.es\/fr\/"},{"@type":"ListItem","position":2,"name":"Nous sommes Kyrya"}]},{"@type":"WebSite","@id":"https:\/\/kyrya.es\/#website","url":"https:\/\/kyrya.es\/","name":"Kyrya","description":"Mobiliario de ba\u00f1o a medida","publisher":{"@id":"https:\/\/kyrya.es\/#organization"},"potentialAction":[{"@type":"SearchAction","target":{"@type":"EntryPoint","urlTemplate":"https:\/\/kyrya.es\/?s={search_term_string}"},"query-input":{"@type":"PropertyValueSpecification","valueRequired":true,"valueName":"search_term_string"}}],"inLanguage":"fr-FR"},{"@type":"Organization","@id":"https:\/\/kyrya.es\/#organization","name":"Kyrya","url":"https:\/\/kyrya.es\/","logo":{"@type":"ImageObject","inLanguage":"fr-FR","@id":"https:\/\/kyrya.es\/#\/schema\/logo\/image\/","url":"https:\/\/kyrya.es\/wp-content\/uploads\/logo-kyrya.svg","contentUrl":"https:\/\/kyrya.es\/wp-content\/uploads\/logo-kyrya.svg","width":"1280","height":"900","caption":"Kyrya"},"image":{"@id":"https:\/\/kyrya.es\/#\/schema\/logo\/image\/"},"sameAs":["https:\/\/www.facebook.com\/kyrya.es","https:\/\/www.instagram.com\/kyrya.es\/","https:\/\/www.linkedin.com\/company\/kyrya\/","https:\/\/es.pinterest.com\/kyrya_es\/"]}]}},"_links":{"self":[{"href":"https:\/\/kyrya.es\/fr\/wp-json\/wp\/v2\/pages\/2385","targetHints":{"allow":["GET"]}}],"collection":[{"href":"https:\/\/kyrya.es\/fr\/wp-json\/wp\/v2\/pages"}],"about":[{"href":"https:\/\/kyrya.es\/fr\/wp-json\/wp\/v2\/types\/page"}],"author":[{"embeddable":true,"href":"https:\/\/kyrya.es\/fr\/wp-json\/wp\/v2\/users\/1913"}],"replies":[{"embeddable":true,"href":"https:\/\/kyrya.es\/fr\/wp-json\/wp\/v2\/comments?post=2385"}],"version-history":[{"count":2,"href":"https:\/\/kyrya.es\/fr\/wp-json\/wp\/v2\/pages\/2385\/revisions"}],"predecessor-version":[{"id":72036,"href":"https:\/\/kyrya.es\/fr\/wp-json\/wp\/v2\/pages\/2385\/revisions\/72036"}],"wp:featuredmedia":[{"embeddable":true,"href":"https:\/\/kyrya.es\/fr\/wp-json\/wp\/v2\/media\/2777"}],"wp:attachment":[{"href":"https:\/\/kyrya.es\/fr\/wp-json\/wp\/v2\/media?parent=2385"}],"curies":[{"name":"wp","href":"https:\/\/api.w.org\/{rel}","templated":true}]}}